{"version":"1.0","provider_name":"Portes et fen\u00eatres Verdun","provider_url":"https:\/\/pfverdun.magnetis.info\/fr\/","author_name":"support@magnetis.ca","author_url":"https:\/\/pfverdun.magnetis.info\/fr\/author\/supportmagnetis-ca\/","title":"Portes d\u2019entr\u00e9e ext\u00e9rieures, Portes pour entrepreneur C\u00e9leste par Novatech | Portes et fen\u00eatres Verdun","type":"rich","width":600,"height":338,"html":"<blockquote class=\"wp-embedded-content\" data-secret=\"8ewJ9kZWiK\"><a href=\"https:\/\/pfverdun.magnetis.info\/fr\/porte\/celeste\/\">C\u00e9leste<\/a><\/blockquote><iframe sandbox=\"allow-scripts\" security=\"restricted\" src=\"https:\/\/pfverdun.magnetis.info\/fr\/porte\/celeste\/embed\/#?secret=8ewJ9kZWiK\" width=\"600\" height=\"338\" title=\"\u00ab\u00a0C\u00e9leste\u00a0\u00bb &#8212; Portes et fen\u00eatres Verdun\" data-secret=\"8ewJ9kZWiK\" frameborder=\"0\" marginwidth=\"0\" marginheight=\"0\" scrolling=\"no\" class=\"wp-embedded-content\"><\/iframe><script type=\"text\/javascript\">\n\/* <![CDATA[ *\/\n\/*! This file is auto-generated *\/\n!function(d,l){\"use strict\";l.querySelector&&d.addEventListener&&\"undefined\"!=typeof URL&&(d.wp=d.wp||{},d.wp.receiveEmbedMessage||(d.wp.receiveEmbedMessage=function(e){var t=e.data;if((t||t.secret||t.message||t.value)&&!\/[^a-zA-Z0-9]\/.test(t.secret)){for(var s,r,n,a=l.querySelectorAll('iframe[data-secret=\"'+t.secret+'\"]'),o=l.querySelectorAll('blockquote[data-secret=\"'+t.secret+'\"]'),c=new RegExp(\"^https?:$\",\"i\"),i=0;i<o.length;i++)o[i].style.display=\"none\";for(i=0;i<a.length;i++)s=a[i],e.source===s.contentWindow&&(s.removeAttribute(\"style\"),\"height\"===t.message?(1e3<(r=parseInt(t.value,10))?r=1e3:~~r<200&&(r=200),s.height=r):\"link\"===t.message&&(r=new URL(s.getAttribute(\"src\")),n=new URL(t.value),c.test(n.protocol))&&n.host===r.host&&l.activeElement===s&&(d.top.location.href=t.value))}},d.addEventListener(\"message\",d.wp.receiveEmbedMessage,!1),l.addEventListener(\"DOMContentLoaded\",function(){for(var e,t,s=l.querySelectorAll(\"iframe.wp-embedded-content\"),r=0;r<s.length;r++)(t=(e=s[r]).getAttribute(\"data-secret\"))||(t=Math.random().toString(36).substring(2,12),e.src+=\"#?secret=\"+t,e.setAttribute(\"data-secret\",t)),e.contentWindow.postMessage({message:\"ready\",secret:t},\"*\")},!1)))}(window,document);\n\/* ]]> *\/\n<\/script>\n","description":"VERRE Ce vitrail est compos\u00e9 d\u2019une g\u00e9om\u00e9trie \u00e0 la fois d\u00e9licate et organis\u00e9e. Sa combinaison de verres apportera un jeu de lumi\u00e8re raf\ufb01n\u00e9 et \u00e9quilibr\u00e9 par sa structure de baguettes patin\u00e9es. Ce verre \u00e9nerg\u00e9tique gardera la chaleur dans la maison ou l\u2019emp\u00eachera de p\u00e9n\u00e9trer. Ces vitraux sont dot\u00e9s d\u2019un double ou triple vitrage. L\u2019argon dans [&hellip;]"}